{"id":8179,"date":"2021-05-20T10:51:31","date_gmt":"2021-05-20T15:51:31","guid":{"rendered":"http:\/\/www.carrefourfga.ca\/fr\/?page_id=8179"},"modified":"2026-09-04T13:00:12","modified_gmt":"2026-09-04T18:00:12","slug":"calendrier-de-lequipe-choc-pedagogique-services-educatifs-complementaires-2021-2022","status":"publish","type":"page","link":"https:\/\/www.carrefourfga.ca\/fr\/calendrier-de-lequipe-choc-pedagogique-services-educatifs-complementaires-2021-2022\/","title":{"rendered":"Calendrier de l\u2019\u00c9quipe choc &#8211; Services \u00e9ducatifs compl\u00e9mentaires 2026-2027"},"content":{"rendered":"<div class=\"wpb-content-wrapper\"><p>[vc_row bk_type=\u00a0\u00bbverve_full_row\u00a0\u00bb el_class=\u00a0\u00bbpetit_texte\u00a0\u00bb custom_css=\u00a0\u00bbmargin:30px; padding-right:50px;\u00a0\u00bb css=\u00a0\u00bb.vc_custom_1556544688688{margin-top: 15px !important;}\u00a0\u00bb][vc_column width=\u00a0\u00bb1\/6&Prime;][vc_tta_accordion active_section=\u00a0\u00bb1&Prime; collapsible_all=\u00a0\u00bbtrue\u00a0\u00bb][vc_tta_section title=\u00a0\u00bbAo\u00fbt\u00a0\u00bb tab_id=\u00a0\u00bb1538505722479-3acdd6d1-8d60&Prime;][vc_column_text css=\u00a0\u00bb\u00a0\u00bb]<b><span data-contrast=\"auto\">27 ao\u00fbt<\/span><\/b><span data-contrast=\"auto\">\u00a0<strong>~\u00a0 Sir Wilfrid Laurier SB<br \/>\n<\/strong>The Power of Teacher-Student Relationships<br \/>\n<\/span><\/p>\n<p>[\/vc_column_text][\/vc_tta_section][\/vc_tta_accordion][vc_tta_accordion active_section=\u00a0\u00bb1&Prime; collapsible_all=\u00a0\u00bbtrue\u00a0\u00bb][vc_tta_section title=\u00a0\u00bbSeptembre\u00a0\u00bb tab_id=\u00a0\u00bb1538505026747-92be128c-3d2c\u00a0\u00bb][vc_column_text css=\u00a0\u00bb\u00a0\u00bb]<b><span data-contrast=\"auto\">11 septembre<\/span><\/b><span data-contrast=\"auto\">\u00a0<strong>~\u00a0 CSS des Bois-Francs<br \/>\n<\/strong>Adapter nos modes de communication et d\u2019accompagnement pour les \u00e9l\u00e8ves internationaux en sant\u00e9<br \/>\n<\/span><\/p>\n<p><b><span data-contrast=\"auto\">25 septembre<\/span><\/b><span data-contrast=\"auto\">\u00a0<strong>~\u00a0 CSS des Mille-Iles<\/strong><\/span><br \/>\nDu connu au nouveau : soutenir le transfert des apprentissages chez les \u00e9l\u00e8ves rigides[\/vc_column_text][\/vc_tta_section][\/vc_tta_accordion][vc_single_image image=\u00a0\u00bb184&Prime; img_size=\u00a0\u00bbfull\u00a0\u00bb][\/vc_column][vc_column width=\u00a0\u00bb1\/6&Prime;][vc_tta_accordion active_section=\u00a0\u00bb1&Prime; collapsible_all=\u00a0\u00bbtrue\u00a0\u00bb][vc_tta_section title=\u00a0\u00bbOctobre\u00a0\u00bb tab_id=\u00a0\u00bb1538502804653-411e9328-78ab\u00a0\u00bb][vc_column_text css=\u00a0\u00bb\u00a0\u00bb]<b><span data-contrast=\"auto\">23 octobre<\/span><\/b><span data-contrast=\"auto\">\u00a0<strong>~\u00a0 CSS des Navigateurs<br \/>\n<\/strong>&#8211; Le trouble d\u00e9veloppemental du langage: mieux comprendre pour aider efficacement<br \/>\n&#8211; Mieux comprendre la surcharge cognitive chez l&rsquo;apprenant<\/span>[\/vc_column_text][\/vc_tta_section][\/vc_tta_accordion][\/vc_column][vc_column width=\u00a0\u00bb1\/6&Prime;][vc_tta_accordion active_section=\u00a0\u00bb1&Prime; collapsible_all=\u00a0\u00bbtrue\u00a0\u00bb][vc_tta_section title=\u00a0\u00bbNovembre\u00a0\u00bb tab_id=\u00a0\u00bb1538506032747-9f52a695-6beb\u00a0\u00bb][vc_column_text css=\u00a0\u00bb\u00a0\u00bb]<b><span data-contrast=\"auto\">10 et 17 novembre<\/span><\/b><span data-contrast=\"auto\">\u00a0<strong>~\u00a0 CSS des Mille-Iles<\/strong><\/span><br \/>\nLa gestion de classe \u00e0 la FP[\/vc_column_text][\/vc_tta_section][\/vc_tta_accordion][vc_tta_accordion active_section=\u00a0\u00bb1&Prime; collapsible_all=\u00a0\u00bbtrue\u00a0\u00bb][vc_tta_section title=\u00a0\u00bbD\u00e9cembre\u00a0\u00bb tab_id=\u00a0\u00bb1538506220516-8744b941-77bc\u00a0\u00bb][vc_column_text css=\u00a0\u00bb\u00a0\u00bb][\/vc_column_text][\/vc_tta_section][\/vc_tta_accordion][\/vc_column][vc_column width=\u00a0\u00bb1\/6&Prime;][vc_tta_accordion active_section=\u00a0\u00bb1&Prime; collapsible_all=\u00a0\u00bbtrue\u00a0\u00bb][vc_tta_section title=\u00a0\u00bbJanvier\u00a0\u00bb tab_id=\u00a0\u00bb1538506258367-0855ea3b-42f4&Prime;][vc_column_text css=\u00a0\u00bb\u00a0\u00bb][\/vc_column_text][\/vc_tta_section][\/vc_tta_accordion][vc_tta_accordion active_section=\u00a0\u00bb1&Prime; collapsible_all=\u00a0\u00bbtrue\u00a0\u00bb][vc_tta_section title=\u00a0\u00bbF\u00e9vrier\u00a0\u00bb tab_id=\u00a0\u00bb1538506312493-5a64195c-4ee4&Prime;][vc_column_text css=\u00a0\u00bb\u00a0\u00bb][\/vc_column_text][\/vc_tta_section][\/vc_tta_accordion][\/vc_column][vc_column width=\u00a0\u00bb1\/6&Prime;][vc_tta_accordion active_section=\u00a0\u00bb1&Prime; collapsible_all=\u00a0\u00bbtrue\u00a0\u00bb][vc_tta_section title=\u00a0\u00bbMars\u00a0\u00bb tab_id=\u00a0\u00bb1542912261995-9bda7159-6bea\u00a0\u00bb][vc_column_text css=\u00a0\u00bb\u00a0\u00bb][\/vc_column_text][\/vc_tta_section][\/vc_tta_accordion][vc_tta_accordion active_section=\u00a0\u00bb1&Prime; collapsible_all=\u00a0\u00bbtrue\u00a0\u00bb][vc_tta_section title=\u00a0\u00bbAvril\u00a0\u00bb tab_id=\u00a0\u00bb1542912327582-1dfc0aa5-cdfb\u00a0\u00bb][vc_column_text css=\u00a0\u00bb\u00a0\u00bb]<b><span data-contrast=\"auto\">8, 13 et 15 avril<\/span><\/b><span data-contrast=\"auto\">\u00a0<strong>~\u00a0 CSS des Mille-Iles<\/strong><\/span><br \/>\nLa gestion de classe \u00e0 la FP[\/vc_column_text][\/vc_tta_section][\/vc_tta_accordion][\/vc_column][vc_column width=\u00a0\u00bb1\/6&Prime;][vc_tta_accordion active_section=\u00a0\u00bb1&Prime; collapsible_all=\u00a0\u00bbtrue\u00a0\u00bb][vc_tta_section title=\u00a0\u00bbMai\u00a0\u00bb tab_id=\u00a0\u00bb1542912638137-c7d0356c-4755&Prime;][vc_column_text css=\u00a0\u00bb\u00a0\u00bb][\/vc_column_text][\/vc_tta_section][\/vc_tta_accordion][vc_tta_accordion active_section=\u00a0\u00bb1&Prime; collapsible_all=\u00a0\u00bbtrue\u00a0\u00bb][vc_tta_section title=\u00a0\u00bbJuin\u00a0\u00bb tab_id=\u00a0\u00bb1591806232113-dc0cde43-5b92&Prime;][vc_column_text css=\u00a0\u00bb\u00a0\u00bb][\/vc_column_text][\/vc_tta_section][\/vc_tta_accordion][vc_single_image image=\u00a0\u00bb2947&Prime; img_size=\u00a0\u00bbfull\u00a0\u00bb][\/vc_column][\/vc_row][vc_row][vc_column][vc_column_text]<\/p>\n<p>[\/vc_column_text][\/vc_column][\/vc_row][vc_row][vc_column][vc_column_text]<br \/>\n[\/vc_column_text][\/vc_column][\/vc_row][vc_row][vc_column][\/vc_column][\/vc_row][vc_row][vc_column width=\u00a0\u00bb1\/3&Prime;][\/vc_column][vc_column width=\u00a0\u00bb1\/3&Prime;][\/vc_column][vc_column width=\u00a0\u00bb1\/3&Prime;][\/vc_column][\/vc_row][vc_row][vc_column][vc_column_text]<\/p>\n<p>[\/vc_column_text][\/vc_column][\/vc_row]<\/p>\n<\/div>","protected":false},"excerpt":{"rendered":"<p>[vc_row bk_type=\u00a0\u00bbverve_full_row\u00a0\u00bb el_class=\u00a0\u00bbpetit_texte\u00a0\u00bb custom_css=\u00a0\u00bbmargin:30px; padding-right:50px;\u00a0\u00bb css=\u00a0\u00bb.vc_custom_1556544688688{margin-top: 15px !important;}\u00a0\u00bb][vc_column width=\u00a0\u00bb1\/6&Prime;][vc_tta_accordion active_section=\u00a0\u00bb1&Prime; collapsible_all=\u00a0\u00bbtrue\u00a0\u00bb][vc_tta_section title=\u00a0\u00bbAo\u00fbt\u00a0\u00bb tab_id=\u00a0\u00bb1538505722479-3acdd6d1-8d60&Prime;][vc_column_text css=\u00a0\u00bb\u00a0\u00bb]27 ao\u00fbt\u00a0~\u00a0 Sir [&hellip;]<\/p>\n","protected":false},"author":8,"featured_media":0,"parent":0,"menu_order":0,"comment_status":"closed","ping_status":"closed","template":"full-width.php","meta":{"footnotes":"","_links_to":"","_links_to_target":""},"_links":{"self":[{"href":"https:\/\/www.carrefourfga.ca\/fr\/wp-json\/wp\/v2\/pages\/8179"}],"collection":[{"href":"https:\/\/www.carrefourfga.ca\/fr\/wp-json\/wp\/v2\/pages"}],"about":[{"href":"https:\/\/www.carrefourfga.ca\/fr\/wp-json\/wp\/v2\/types\/page"}],"author":[{"embeddable":true,"href":"https:\/\/www.carrefourfga.ca\/fr\/wp-json\/wp\/v2\/users\/8"}],"replies":[{"embeddable":true,"href":"https:\/\/www.carrefourfga.ca\/fr\/wp-json\/wp\/v2\/comments?post=8179"}],"version-history":[{"count":351,"href":"https:\/\/www.carrefourfga.ca\/fr\/wp-json\/wp\/v2\/pages\/8179\/revisions"}],"predecessor-version":[{"id":12070,"href":"https:\/\/www.carrefourfga.ca\/fr\/wp-json\/wp\/v2\/pages\/8179\/revisions\/12070"}],"wp:attachment":[{"href":"https:\/\/www.carrefourfga.ca\/fr\/wp-json\/wp\/v2\/media?parent=8179"}],"curies":[{"name":"wp","href":"https:\/\/api.w.org\/{rel}","templated":true}]}}